{"id":601,"date":"2018-10-27T07:46:22","date_gmt":"2018-10-27T05:46:22","guid":{"rendered":"http:\/\/service.anyrt.hu\/anyrthu\/?page_id=601"},"modified":"2020-09-25T07:19:19","modified_gmt":"2020-09-25T06:19:19","slug":"historie","status":"publish","type":"page","link":"https:\/\/www.anyrt.hu\/de\/historie\/","title":{"rendered":"Unsere Historie"},"content":{"rendered":"<p>[et_pb_section fb_built=&#8220;1&#8243; _builder_version=&#8220;3.22&#8243; background_image=&#8220;http:\/\/www.anyrt.hu\/de\/wp-content\/uploads\/sites\/4\/2018\/10\/Lino-head-1920&#215;180.jpg&#8220; background_size=&#8220;initial&#8220; background_position=&#8220;top_center&#8220; module_alignment=&#8220;center&#8220; custom_margin=&#8220;0px||0px|&#8220; custom_padding=&#8220;0px||0px|&#8220;][et_pb_row custom_padding=&#8220;0px|0px|80px|0px&#8220; custom_margin=&#8220;0px|||&#8220; make_equal=&#8220;on&#8220; module_class=&#8220; et_pb_row_fullwidth&#8220; _builder_version=&#8220;3.25&#8243; width=&#8220;89%&#8220; width_tablet=&#8220;80%&#8220; width_last_edited=&#8220;on|desktop&#8220; max_width=&#8220;89%&#8220; max_width_tablet=&#8220;80%&#8220; max_width_last_edited=&#8220;on|desktop&#8220; module_alignment=&#8220;center&#8220; make_fullwidth=&#8220;on&#8220; custom_width_px=&#8220;1220px&#8220;][et_pb_column type=&#8220;4_4&#8243; _builder_version=&#8220;3.25&#8243; custom_padding=&#8220;|||&#8220; custom_padding__hover=&#8220;|||&#8220;][et_pb_post_title meta=&#8220;off&#8220; featured_image=&#8220;off&#8220; text_color=&#8220;light&#8220; _builder_version=&#8220;3.18.9&#8243; title_level=&#8220;h2&#8243; title_font=&#8220;Arial||||||||&#8220; title_text_align=&#8220;center&#8220; title_text_color=&#8220;#ffffcc&#8220; title_font_size=&#8220;32px&#8220; title_letter_spacing=&#8220;1px&#8220; text_orientation=&#8220;center&#8220; custom_margin=&#8220;80px|||&#8220; text_shadow_style=&#8220;preset3&#8243;][\/et_pb_post_title][\/et_pb_column][\/et_pb_row][et_pb_row column_structure=&#8220;1_3,2_3&#8243; _builder_version=&#8220;3.25&#8243; background_size=&#8220;initial&#8220; background_position=&#8220;top_left&#8220; background_repeat=&#8220;repeat&#8220;][et_pb_column type=&#8220;1_3&#8243; _builder_version=&#8220;3.25&#8243; custom_padding=&#8220;|||&#8220; custom_padding__hover=&#8220;|||&#8220;][et_pb_image src=&#8220;http:\/\/www.anyrt.hu\/de\/wp-content\/uploads\/sites\/4\/2018\/07\/barany_200.jpg&#8220; show_bottom_space=&#8220;off&#8220; align_tablet=&#8220;center&#8220; align_last_edited=&#8220;on|desktop&#8220; _builder_version=&#8220;3.23&#8243;][\/et_pb_image][\/et_pb_column][et_pb_column type=&#8220;2_3&#8243; _builder_version=&#8220;3.25&#8243; custom_padding=&#8220;|||&#8220; custom_padding__hover=&#8220;|||&#8220;][et_pb_text admin_label=&#8220;Historie&#8220; _builder_version=&#8220;3.18.9&#8243; text_text_color=&#8220;#660000&#8243;]Kaum ist ein Jahrhundert nachdem vergangen, dass die Erfindung von Gutenberg den Beruf des Buchdruckes revolution\u00e4r erneut hat, als die erste ungarische, kirchliche Ausgabe in Debrecen, im Jahre 1561 entstanden ist. Zu dieser Zeit haben M\u00e9liusz Juh\u00e1sz P\u00e9ter kalvinistischer Prediger und Husz\u00e1r G\u00e1l Drucker ihr erstes Buch, das die Erkl\u00e4rungen der Briefe von Paul dem Heiligen beinhaltete, angefertigt. Die Pflege der muttersprachlichen Literatur, die Vermehrung deren Werte und die Bewahrung der Buchkunst verst\u00e4rken seit dieser Zeit die Beziehung zwischen dem Buchdruck und unserer Stadt. Generationen der Fachmeistern und Fachk\u00fcnstlern haben die modernste Fachkenntnisse heimgebracht und europaweit verbreitet \u2013 sie waren ausgezeichnete Gestalte der Geistigkeit jeder Zeit.<\/p>\n<p>Die industrielle Buchproduktion hat sich in Debrecen seit den sechsziger Jahren des vergangenen Jahrhunderts eingeb\u00fcrgert, heutzutage werden im Jahr mehr als 18 Millionen B\u00fccher produziert. Bei uns wurde f\u00fcr die Herstellung der B\u00fccher unten den ersten die Offsettechnologie im Lande eingef\u00fchrt, hier hat man zuerst die Hot-melt-Klebung neben der Fadenheftung verwendet und hier erschien die erste farbige Tageszeitung mit Offsettechnologie. Heute k\u00f6nnen wir mit der Verwendung der modernsten Maschienen und Technologien eine vollst\u00e4ndige Druck- und Bindungstechnologie anbieten um B\u00fccher in softcover- und hochwertiger hardcover-Ausf\u00fchrung zu produzieren.<\/p>\n<p>Neben den traditionellen literarischen Ausgaben haben wir auch an den M\u00e4rkten der Lehrb\u00fccher, hochwertiger Albume, farbiger Zeitschriften, Marketingausgaben ein bedeutendes Wachstum erreicht. Der Anteil zwischen B\u00fccher und Marketingausgaben ist 70\/30 Prozent. Unser Ziel ist neben den kurzen Produktionszeiten das Vertrauen unserer Partnern durch Herstellung von qualitativen Produkten zu gewinnen und zu bewahren.<\/p>\n<p>Neben dem heimischen Markt haben wir auch einen bedeutenden Exportanteil. Die Alf\u00f6ldi Druckerei ist seit 40 Jahren an dem ausl\u00e4ndischen Markt anwesend, ein F\u00fcnftel der Produktion wird im Ausland verwertet. In den vergangenen Jahren waren wir regelm\u00e4\u00dfige Teilnehmer der heimischen und bedeutendsten ausl\u00e4ndischen Buchmessen.[\/et_pb_text][et_pb_divider show_divider=&#8220;off&#8220; _builder_version=&#8220;3.15&#8243; height=&#8220;30px&#8220;][\/et_pb_divider][\/et_pb_column][\/et_pb_row][\/et_pb_section][et_pb_section fb_built=&#8220;1&#8243; inner_shadow=&#8220;on&#8220; _builder_version=&#8220;3.22&#8243; background_color=&#8220;#e6e0d0&#8243;][et_pb_row column_structure=&#8220;1_3,2_3&#8243; _builder_version=&#8220;3.25&#8243; background_size=&#8220;initial&#8220; background_position=&#8220;top_left&#8220; background_repeat=&#8220;repeat&#8220;][et_pb_column type=&#8220;1_3&#8243; _builder_version=&#8220;3.25&#8243; custom_padding=&#8220;|||&#8220; custom_padding__hover=&#8220;|||&#8220;][et_pb_image src=&#8220;http:\/\/www.anyrt.hu\/de\/wp-content\/uploads\/sites\/4\/2018\/10\/gal_konyvek-300.png&#8220; align_tablet=&#8220;center&#8220; align_last_edited=&#8220;on|desktop&#8220; _builder_version=&#8220;3.23&#8243;][\/et_pb_image][\/et_pb_column][et_pb_column type=&#8220;2_3&#8243; _builder_version=&#8220;3.25&#8243; custom_padding=&#8220;|||&#8220; custom_padding__hover=&#8220;|||&#8220;][et_pb_text _builder_version=&#8220;3.26.3&#8243; text_text_color=&#8220;#b08070&#8243; header_text_color=&#8220;#b08070&#8243; header_2_text_color=&#8220;#b08070&#8243;]<\/p>\n<h2><b>Chronologie<\/b><\/h2>\n<p>[\/et_pb_text][et_pb_text _builder_version=&#8220;3.18.9&#8243;]Dezember 1560: Der protestantische Wanderprediger G\u00e1l Husz\u00e1r flieht vor der Gegenreformation zusammen mit seiner Druckerei in die Stadt Debrezin, und beendet hier die typographische Arbeiten seines in Mosonmagyar\u00f3v\u00e1r angefangenen Gesangbuches. Mit der Inbetriebsetzung seiner Druckerei entsteht die \u2013 im chronologischen Sinne genommen \u2013 9. Druckerei des hystorischen Ungarns.<\/p>\n<p>Mai 1561: Die Druckarbeiten an dem ersten Produkt der Debreziner Druckerei, Kommentar zu den Briefen des Heiligen Apostels Paulus von P\u00e9ter Melius Juh\u00e1sz werden angefangen.<\/p>\n<p>1571. Februar: die Druckerei ist zu ihrem ersten bekannten Platz umgezogen, auf das Grundst\u00fcck in P\u00e9terfia Strasse. Das hier gebaute Haus wird f\u00fcr etwa 100 Jahre die Residenz der Offizin und bestimmt den Namen der hinteren Gasse, die auf den Stadtkarten vom 16.\u201317. Jahrhundert Angiportus Typographiae, in dem 18. Jahrhundert Buchdruckerei-Platz, und bis zum Jahre 2008, als sie durch die Stadtmodernisierung abgeschafft wurde, Druckerstrasse hie\u00df.<\/p>\n<p>1618\u201333: Nach einer Reihe von Erbschaftsprozessen wird die Druckerei von der Stadt \u00fcbernommen, obwohl sie fr\u00fcher als Privatunternehmen funktionierte<\/p>\n<p>1719: Die wieder in Betrieb gesetzte Druckerei brennt ab, der Nachfolger wird in das Rathaus neu gestartet.<\/p>\n<p>1855: Es wird die erste Schnellpresse eingestellt, die in wenigen Jahren von zwei anderen gefolgt wird.<\/p>\n<p>1905: Nach bedeutenden technischen Investitionen fasst die Stadtleitung einen Beschlu\u00df: \u201edie Stadtdruckerei, als eigenst\u00e4ndiges Betrieb, wird unter separaten Administration gestellt\u201c, das hei\u00dft, sie bleibt im Eigentum der Stadt, aber wird zu einem selbstst\u00e4ndig bewirtschafteten, modernen Industriebetrieb. <\/p>\n<p>1910: Als erste unter den provinzialen Buchdruckereien, die Druckerei Debrecen wird mit Setzmaschinen ausgestattet.<\/p>\n<p>1918: Die im Aufstieg seiende Druckerei hat keinen gen\u00fcgenden Platz im Rathausgeb\u00e4ude, so wird das Geb\u00e4ude der Metallwarenfabrik von B\u00f6sz\u00f6rm\u00e9nyi Str. gekauft, der heutige Standort, wo nach dem n\u00f6tigen Umbau, im Jahre 1921 die T\u00e4tigkeit im vollen Umfang wiederaufgenommen wird.<br \/>\nDer Reformierte Kirchenkreis von Tisz\u00e1nt\u00fal wird zum Miteigent\u00fcmer der Druckerei. Dank dem Kapitalzuwachs, dem Ansehen der Kirche und dem Lehrbuch-Monopol, die Druckerei ist im Expansion, nimmt zwei kleine Druckereien in sich auf, es wird die M\u00e9liusz Buchhandlung er\u00f6ffnet.<\/p>\n<p><img loading=\"lazy\" class=\"alignnone wp-image-237 size-large\" src=\"http:\/\/www.anyrt.hu\/de\/wp-content\/uploads\/sites\/4\/2018\/07\/meliusz-1024x252.jpg\" alt=\"\" width=\"1024\" height=\"252\" srcset=\"https:\/\/www.anyrt.hu\/de\/wp-content\/uploads\/sites\/4\/2018\/07\/meliusz-1024x252.jpg 1024w, https:\/\/www.anyrt.hu\/de\/wp-content\/uploads\/sites\/4\/2018\/07\/meliusz-300x74.jpg 300w, https:\/\/www.anyrt.hu\/de\/wp-content\/uploads\/sites\/4\/2018\/07\/meliusz-768x189.jpg 768w, https:\/\/www.anyrt.hu\/de\/wp-content\/uploads\/sites\/4\/2018\/07\/meliusz-1080x266.jpg 1080w, https:\/\/www.anyrt.hu\/de\/wp-content\/uploads\/sites\/4\/2018\/07\/meliusz.jpg 1280w\" sizes=\"(max-width: 1024px) 100vw, 1024px\" \/><\/p>\n<p>1924: Es wird eine komplett neue und moderne Buchbinderei eingerichtet.<br \/>\nVom 1941 bis zum Anfang des Jahres 1944: Infolge der bedeutsamen Geb\u00e4udenerweiterung und der technischen Modernisierungen arbeitet die Druckerei mit insgesamt 42 motorgetriebenen Pressen, die Anzahl ihrer Mitarbeiter und Beamten \u00fcberschreitet 170. <\/p>\n<p>1948: Der Betrieb wird verstaatlicht, die Leitung wird vom Ministerium f\u00fcr Leichtindustrie \u00fcbernommen.<\/p>\n<p>1949: Der verstaatlichte Nationalbetrieb nimmt den Namen \u201eAlf\u00f6ldi Nyomda\u201c auf.<\/p>\n<p>1960: Zusammen mit den etwa 80 Sch\u00fclern betr\u00e4gt das Personal fast 400 Leute.<\/p>\n<p>1964: Im Rahmen einer staatlich finanzierten Investition wird eine neue Produktionshalle, ein Lager und ein Kulturraum gebaut, der Maschinenpark wird erweitert und modernisiert.<\/p>\n<p>1967: Es werden die Offset-Rollendruckmaschinen eingestellt, auf einer dieser Maschinen wird die erste f\u00e4rbige Tageszeitung ausgedruckt.<\/p>\n<p>1970: Zur Erg\u00e4nzung der erh\u00f6hten Druckkapazit\u00e4t wird die Hot-melt Buchbindertechnologie eingef\u00fchrt.<\/p>\n<p>1975: Erscheint die Lichtsatz-Technologie. Die Druckerei entwickelt ein eigenes, f\u00fcr die damalige Zeit sehr innovatives System zur Textverarbeitung mit Computer.<br \/>\nDie Druckerei \u201eSzabads\u00e1g Nyomda\u201c, die im Besitz der Stadt gewesen ist, wird in Alf\u00f6ldi Nyomda eingeschmolzen.<\/p>\n<p>1976\u201378: Eine aus eigener Kraft finanzierte Gro\u00dfinvestizion in einer neuen Halle erm\u00f6glicht die Einstellung der Cameron\u2013Sheridan Maschienenreihe, die produktivste Buchherstellungslinie der Welt der damaligen Zeit. In diesem Jahr wird als eine Abteilung des Fachunterrichtes in der Stadt ein Druckindustrielles Fachgymnasium gegr\u00fcndet, das Dritte in Ungarn.<\/p>\n<p>Mitte der 1980-er Jahre: Das Unternehmen gr\u00fcndet kleinere Betriebe in P\u00fcsp\u00f6klad\u00e1ny und Hajd\u00fab\u00f6sz\u00f6rm\u00e9ny, haupts\u00e4chlich f\u00fcr Buchbinderei, aber auch f\u00fcr Schriftsatz- und Druckarbeiten, wo Ortseinwohner besch\u00e4ftigt werden. Zu dieser Zeit wird die gr\u00f6\u00dfte Mitarbeiterzahl (1052 Personen) und Buchproduktionsmenge (44 Millionen Exemplare) erreicht.<\/p>\n<p>1990: Der Bleisatz wird zusammen mit dem damit verbundenen Hochdruck abgeschafft. <\/p>\n<p>30. Juni 1993: Die Alf\u00f6ldi Nyomda wird zur Aktiengesellschaft umgewandelt, deren Eigent\u00fcmer der Staat ist. <\/p>\n<p>1996: Das Qualit\u00e4tsicherungssystem der Druckerei erh\u00e4lt die Zertifizierung nach der Qualit\u00e4tsmanagementnorm ISO 9002.<\/p>\n<p>1998: Der entscheidende Teil der Aktien geht in das Eigentum des Managements und der Arbeiter \u00fcber.<\/p>\n<p>2001: Die modernen Digitalverfahren und -ger\u00e4te ersetzen die fr\u00fchere arbeitsaufwendige Technologien in der Druckformenherstellung.<\/p>\n<p>2002: Mit der Einstellung der ein- und vierfarbigen Digitaldruckmaschinen wird die neueste Vielf\u00e4ltigungstechnologie unter den alten Mauern beheimatet.<\/p>\n<p>2001\u201303: Die Druckkapazit\u00e4t wird mit vier- und f\u00fcnffarbigen Offsetmaschinen erweitert.<\/p>\n<p>2004: Die Bindungsarbeit wird mit einer neuen, modernen Hardcover-Maschinenreihe produktiver gemacht. Die Druckformenherstellung wird modernisiert, neben der klassischen Entwicklungsanlage wird auch eine digitale Maschine eingesetzt.<\/p>\n<p>2005: Einf\u00fchrung eines integrierten Qualit\u00e4ts- und Umweltmanagement-Systems (ISO 9001:2015 und ISO 14001:2015).<\/p>\n<p>2008: Mit finanziellem Beitrag der EU, aber haupts\u00e4chlich aus eigenen Mitteln wird eine weitere wichtige Investition und Modernisierung durchgef\u00fchrt, in einer neugebauten Werkhalle wird eine moderne Klebebinderanlage aufgestellt.<br \/>\nAls ein in Taten konkretisierter Beitrag zur Umweltschutz-Idee schlie\u00dft sich das j\u00e4hrlich mehrere Tausend Tonnen Papier verbrauchende Unternehmen mit der Erhaltung des FSC Zertifikates zur nachhaltiger Forstwirtschaft.<\/p>\n<p>2015: in der n\u00e4chsten gro\u00dfen Investitoinswelle wird ein neuer Kolbus KM473 Klebebinder, eine Heidelberg XL-106 und eine Heidelberg CD 102 Bogendruckmaschine, eine KBA Compacta 418 Heat-Set Maschine und das dazugeh\u00f6rende Agfa Avalon CTP System in Betrieb genommen und wird das ISO 50001 Energiemanagement System eingef\u00fchrt.<\/p>\n<p>2016: ISO 12647-2:2013 colour management System wird eingef\u00fchrt.<\/p>\n<p>2017: im n\u00e4chsten Schritt wird ein Kolbus KM 610 Klebebinder, ein Aster Evo Fadenhefter eine Polar n115 Schneidemaschine und eine Heidelberg XL 75 Bogenoffsetdruckmaschine in Betrieb genommen. <\/p>\n<p>2018: Es wird ein neues Lager mit 960 Paletten Kapazit\u00e4t f\u00fcr Bogenvorbereitung aufgebaut, welches nicht nur klimatisiert ist, sondern die Luftfeuchtigkeit drinnen auch regelbar ist.[\/et_pb_text][et_pb_divider show_divider=&#8220;off&#8220; _builder_version=&#8220;3.15&#8243; height=&#8220;10px&#8220;][\/et_pb_divider][\/et_pb_column][\/et_pb_row][\/et_pb_section][et_pb_section fb_built=&#8220;1&#8243; inner_shadow=&#8220;on&#8220; _builder_version=&#8220;3.22&#8243; background_color=&#8220;#ffffff&#8220; custom_margin=&#8220;||0px|&#8220; custom_padding=&#8220;||0px|&#8220;][et_pb_row _builder_version=&#8220;3.25&#8243; background_size=&#8220;initial&#8220; background_position=&#8220;top_left&#8220; background_repeat=&#8220;repeat&#8220;][et_pb_column type=&#8220;4_4&#8243; _builder_version=&#8220;3.25&#8243; custom_padding=&#8220;|||&#8220; custom_padding__hover=&#8220;|||&#8220;][et_pb_text admin_label=&#8220;Szervezeti sz\u00f6veg&#8220; _builder_version=&#8220;3.26.3&#8243; header_2_text_align=&#8220;center&#8220; header_2_text_color=&#8220;#b9aa81&#8243; text_orientation=&#8220;center&#8220;]<\/p>\n<h2 style=\"text-align: center;\">Company organization<\/h2>\n<p style=\"text-align: center;\">(Click on the image to enlarge!)<\/p>\n<p>[\/et_pb_text][\/et_pb_column][\/et_pb_row][et_pb_row _builder_version=&#8220;3.25&#8243; background_size=&#8220;initial&#8220; background_position=&#8220;top_left&#8220; background_repeat=&#8220;repeat&#8220;][et_pb_column type=&#8220;4_4&#8243; _builder_version=&#8220;3.25&#8243; custom_padding=&#8220;|||&#8220; custom_padding__hover=&#8220;|||&#8220;][et_pb_image src=&#8220;http:\/\/www.anyrt.hu\/de\/wp-content\/uploads\/sites\/4\/2019\/01\/szervezeti-abra-de-960.png&#8220; alt=&#8220;szervezeti fel\u00e9p\u00edt\u00e9s&#8220; title_text=&#8220;Kattintson a nagy\u00edt\u00e1shoz!&#8220; url=&#8220;http:\/\/tcontrol.hu\/any\/de\/organization\/&#8220; url_new_window=&#8220;on&#8220; align=&#8220;center&#8220; align_tablet=&#8220;center&#8220; align_last_edited=&#8220;on|desktop&#8220; admin_label=&#8220;Szervezeti k\u00e9p&#8220; _builder_version=&#8220;3.23&#8243;][\/et_pb_image][\/et_pb_column][\/et_pb_row][et_pb_row custom_padding=&#8220;||0px|&#8220; custom_margin=&#8220;||0px|&#8220; module_class=&#8220; et_pb_row_fullwidth&#8220; _builder_version=&#8220;3.25&#8243; width=&#8220;89%&#8220; width_tablet=&#8220;80%&#8220; width_last_edited=&#8220;on|desktop&#8220; max_width=&#8220;89%&#8220; max_width_tablet=&#8220;80%&#8220; max_width_last_edited=&#8220;on|desktop&#8220; module_alignment=&#8220;center&#8220; custom_css_main_element=&#8220;.et_pb_row.et_pb_row_fullwidth, .et_pb_specialty_fullwidth > .et_pb_row ||{|| width: 100% !important;|| max-width: 100% !important;||}&#8220; make_fullwidth=&#8220;on&#8220;][et_pb_column type=&#8220;4_4&#8243; _builder_version=&#8220;3.25&#8243; custom_padding=&#8220;||0px|&#8220; custom_padding__hover=&#8220;|||&#8220;][et_pb_divider color=&#8220;#660000&#8243; divider_position=&#8220;bottom&#8220; divider_weight=&#8220;3&#8243; _builder_version=&#8220;3.15&#8243; height=&#8220;30px&#8220; custom_margin=&#8220;0px||0px|&#8220; custom_padding=&#8220;0px||0px|&#8220;][\/et_pb_divider][\/et_pb_column][\/et_pb_row][\/et_pb_section]<\/p>\n","protected":false},"excerpt":{"rendered":"<p>Kaum ist ein Jahrhundert nachdem vergangen, dass die Erfindung von Gutenberg den Beruf des Buchdruckes revolution\u00e4r erneut hat, als die erste ungarische, kirchliche Ausgabe in Debrecen, im Jahre 1561 entstanden ist. Zu dieser Zeit haben M\u00e9liusz Juh\u00e1sz P\u00e9ter kalvinistischer Prediger und Husz\u00e1r G\u00e1l Drucker ihr erstes Buch, das die Erkl\u00e4rungen der Briefe von Paul dem [&hellip;]<\/p>\n","protected":false},"author":1,"featured_media":0,"parent":0,"menu_order":0,"comment_status":"closed","ping_status":"closed","template":"","meta":{"_et_pb_use_builder":"on","_et_pb_old_content":"","_et_gb_content_width":""},"_links":{"self":[{"href":"https:\/\/www.anyrt.hu\/de\/wp-json\/wp\/v2\/pages\/601"}],"collection":[{"href":"https:\/\/www.anyrt.hu\/de\/wp-json\/wp\/v2\/pages"}],"about":[{"href":"https:\/\/www.anyrt.hu\/de\/wp-json\/wp\/v2\/types\/page"}],"author":[{"embeddable":true,"href":"https:\/\/www.anyrt.hu\/de\/wp-json\/wp\/v2\/users\/1"}],"replies":[{"embeddable":true,"href":"https:\/\/www.anyrt.hu\/de\/wp-json\/wp\/v2\/comments?post=601"}],"version-history":[{"count":2,"href":"https:\/\/www.anyrt.hu\/de\/wp-json\/wp\/v2\/pages\/601\/revisions"}],"predecessor-version":[{"id":223535,"href":"https:\/\/www.anyrt.hu\/de\/wp-json\/wp\/v2\/pages\/601\/revisions\/223535"}],"wp:attachment":[{"href":"https:\/\/www.anyrt.hu\/de\/wp-json\/wp\/v2\/media?parent=601"}],"curies":[{"name":"wp","href":"https:\/\/api.w.org\/{rel}","templated":true}]}}